{"id":2408,"date":"2024-04-04T16:46:45","date_gmt":"2024-04-04T14:46:45","guid":{"rendered":"https:\/\/www.buchenhof.at.host25.profi-server.net\/?page_id=2408"},"modified":"2024-09-07T15:13:05","modified_gmt":"2024-09-07T13:13:05","slug":"impronta","status":"publish","type":"page","link":"https:\/\/www.buchenhof.at\/it\/impronta\/","title":{"rendered":"Impronta"},"content":{"rendered":"\n\n\t<section class=\"section\" id=\"section_370439833\">\n\t\t<div class=\"section-bg fill\" >\n\t\t\t\t\t\t\t\t\t\n\t\t\t\n\n\t\t<\/div>\n\n\t\t\n\n\t\t<div class=\"section-content relative\">\n\t\t\t\n\n\t<div id=\"gap-196461780\" class=\"gap-element clearfix\" style=\"display:block; height:auto;\">\n\t\t\n<style>\n#gap-196461780 {\n  padding-top: 55px;\n}\n@media (min-width:550px) {\n  #gap-196461780 {\n    padding-top: 75px;\n  }\n}\n@media (min-width:850px) {\n  #gap-196461780 {\n    padding-top: 90px;\n  }\n}\n<\/style>\n\t<\/div>\n\t\n\n<div class=\"row align-center\"  id=\"row-991891911\">\n\n\n\t<div id=\"col-478619360\" class=\"col medium-7 small-12 large-5\"  >\n\t\t\t\t<div class=\"col-inner text-center\"  >\n\t\t\t\n\t\t\t\n\n\t<div id=\"text-4252130471\" class=\"text\">\n\t\t\n\n<h1>Impronta<\/h1>\n\t\t\n<style>\n#text-4252130471 {\n  font-size: 2rem;\n}\n<\/style>\n\t<\/div>\n\t\n\n\t\t<\/div>\n\t\t\t\t\t<\/div>\n\n\t\n\n<\/div>\n<div class=\"row align-center\"  id=\"row-997948461\">\n\n\n\t<div id=\"col-1894182919\" class=\"col medium-12 small-12 large-10\"  >\n\t\t\t\t<div class=\"col-inner\" style=\"background-color:rgb(255, 255, 255);\" >\n\t\t\t\n\t\t\t\n\n<p><strong>Hotel garni Buchenhof<\/strong><br \/>Sternbergstra\u00dfe 40<br \/>A-9220 Velden<br \/>T: +43 \/ 4274 \/ 4343<br \/>E:\u00a0<a href=\"mailto:info@buchenhof.at\">info@buchenhof.at<\/a><\/p>\n<p>Proprietari: Bruno e Hildegard Mitterberger<\/p>\n<p><strong>Risoluzione alternativa delle controversie ai sensi dell&#8217;Art. 14 par. 1 ODR-VO e \u00a7 36 VSBG:<\/strong><br \/>La Commissione Europea mette a disposizione una piattaforma per la risoluzione delle controversie online (OS), disponibile all&#8217;indirizzo http:\/\/ec.europa.eu\/consumers\/odr\/. Non siamo obbligati e non siamo disposti a partecipare a una procedura di risoluzione delle controversie davanti a un ufficio di conciliazione per i consumatori.<\/p>\n<p><strong>Informazioni legali \/ Disclaimer<\/strong><br \/>I contenuti qui offerti servono a fornire informazioni generali. Non garantiamo la correttezza, l&#8217;attualit\u00e0, la completezza e la disponibilit\u00e0 delle informazioni\/servizi offerti. Non possono sostituire una consulenza legale completa. Se hai bisogno di una consulenza specifica, ti preghiamo di rivolgerti a un esperto. I collegamenti ad altre offerte Internet sono stati selezionati con cura. Tuttavia, non abbiamo alcuna influenza sui loro contenuti, correttezza, attualit\u00e0, completezza e disponibilit\u00e0. Non garantiamo n\u00e9 ci assumiamo responsabilit\u00e0 per i moduli scaricabili, in particolare per la loro attualit\u00e0, idoneit\u00e0 per uno scopo specifico e assenza di virus. Ci riserviamo il diritto di modificare, integrare, eliminare o sospendere completamente o temporaneamente le informazioni\/servizi offerti in qualsiasi momento e senza preavviso. Cerchiamo di ridurre al minimo i problemi nell&#8217;accesso alle informazioni\/servizi dovuti a interruzioni o incompatibilit\u00e0. Tuttavia, non possiamo escludere che dati e informazioni sul nostro sito web non vengano visualizzati correttamente o contengano errori. Non ci assumiamo responsabilit\u00e0 per eventuali interruzioni o altri problemi tecnici che possano influire sul nostro servizio.<\/p>\n<p><strong>Propriet\u00e0 intellettuale \/ Diritto d&#8217;autore<\/strong><br \/>Tutti i contenuti, il layout e eventuali sequenze audio e video sono protetti da copyright. Tutti i diritti sono riservati al titolare dei diritti. Non \u00e8 consentito apportare modifiche. L&#8217;uso pubblico delle informazioni\/servizi \u00e8 consentito solo con il nostro consenso e con la citazione e la visibilit\u00e0 della fonte. \u00c8 consentito a chiunque creare collegamenti ai nostri contenuti, indicando contemporaneamente la fonte, senza necessit\u00e0 di autorizzazione speciale.<\/p>\n<p><strong>Disposizioni finali<\/strong><br \/>L&#8217;uso delle informazioni\/servizi \u00e8 soggetto esclusivamente alla legge austriaca. Il foro competente \u00e8 il tribunale distrettuale di Klagenfurt. Se parti o singole formulazioni di questo testo non dovessero essere conformi alla legge vigente, non lo fossero pi\u00f9 o non lo fossero completamente, le restanti parti rimarranno invariate nel loro contenuto e validit\u00e0. In sostituzione di una disposizione inefficace o per colmare una lacuna, si applicher\u00e0 una regolamentazione adeguata e legalmente ammissibile che si avvicini il pi\u00f9 possibile a ci\u00f2 che sarebbe stato voluto in base allo scopo e all&#8217;intento di questi termini d&#8217;uso conoscendo la parziale invalidit\u00e0 o la lacuna.<\/p>\n<p>\u00a0<\/p>\n<p>Design &amp; realizzazione:\u00a0<a href=\"http:\/\/bock-agentur.at\/\" target=\"_blank\" rel=\"noopener\">BOCK Agentur<\/a><br \/>Immagini: <a href=\"https:\/\/www.storiesonaplate.com\/\" target=\"_blank\" rel=\"noopener\">Florentina Klampferer<\/a>, <a href=\"http:\/\/unsplash.com\" target=\"_blank\" rel=\"noopener\">Unsplash<\/a><\/p>\n\n\t\t<\/div>\n\t\t\t\t\n<style>\n#col-1894182919 > .col-inner {\n  padding: 30px 30px 10px 30px;\n}\n@media (min-width:550px) {\n  #col-1894182919 > .col-inner {\n    padding: 70px 70px 40px 70px;\n  }\n}\n<\/style>\n\t<\/div>\n\n\t\n\n<\/div>\n\t<div id=\"gap-51682336\" class=\"gap-element clearfix\" style=\"display:block; height:auto;\">\n\t\t\n<style>\n#gap-51682336 {\n  padding-top: 10px;\n}\n@media (min-width:550px) {\n  #gap-51682336 {\n    padding-top: 50px;\n  }\n}\n<\/style>\n\t<\/div>\n\t\n\n\n\t\t<\/div>\n\n\t\t\n<style>\n#section_370439833 {\n  padding-top: 30px;\n  padding-bottom: 30px;\n  background-color: rgb(238, 241, 241);\n}\n<\/style>\n\t<\/section>\n\t\n\n","protected":false},"excerpt":{"rendered":"","protected":false},"author":2,"featured_media":0,"parent":0,"menu_order":17,"comment_status":"closed","ping_status":"closed","template":"page-blank.php","meta":{"footnotes":""},"class_list":["post-2408","page","type-page","status-publish","hentry"],"_links":{"self":[{"href":"https:\/\/www.buchenhof.at\/it\/wp-json\/wp\/v2\/pages\/2408","targetHints":{"allow":["GET"]}}],"collection":[{"href":"https:\/\/www.buchenhof.at\/it\/wp-json\/wp\/v2\/pages"}],"about":[{"href":"https:\/\/www.buchenhof.at\/it\/wp-json\/wp\/v2\/types\/page"}],"author":[{"embeddable":true,"href":"https:\/\/www.buchenhof.at\/it\/wp-json\/wp\/v2\/users\/2"}],"replies":[{"embeddable":true,"href":"https:\/\/www.buchenhof.at\/it\/wp-json\/wp\/v2\/comments?post=2408"}],"version-history":[{"count":6,"href":"https:\/\/www.buchenhof.at\/it\/wp-json\/wp\/v2\/pages\/2408\/revisions"}],"predecessor-version":[{"id":3505,"href":"https:\/\/www.buchenhof.at\/it\/wp-json\/wp\/v2\/pages\/2408\/revisions\/3505"}],"wp:attachment":[{"href":"https:\/\/www.buchenhof.at\/it\/wp-json\/wp\/v2\/media?parent=2408"}],"curies":[{"name":"wp","href":"https:\/\/api.w.org\/{rel}","templated":true}]}}